{"id":10654,"date":"2025-04-02T14:49:26","date_gmt":"2025-04-02T14:49:26","guid":{"rendered":"https:\/\/manelscooter.com\/tienda\/bicicleta-electrica-fiido-c11-pro-2\/"},"modified":"2025-04-02T15:20:05","modified_gmt":"2025-04-02T15:20:05","slug":"bicicleta-electrica-fiido-c11-pro-2","status":"publish","type":"product","link":"https:\/\/manelscooter.com\/ca\/botiga\/bicicleta-electrica-fiido-c11-pro-2\/","title":{"rendered":"Bicicleta El\u00e8ctricaFIIDO C11 PRO"},"content":{"rendered":"<div class=\"pi-faag-item\">\n<div class=\"pi-faag-item\">&nbsp;Rendiment<\/div>\n<div class=\"pi-faag-item\">\n<p>Sensor: Sensor de parell Mivice<br \/>Abast: Fins a 104 km<br \/>Bateria: 499,2 Wh<br \/>Motor: 250 W<br \/>Marxes: 7 velocitats<br \/>Frens: Frens de disc hidr\u00e0ulics<br \/>Suspensi\u00f3: Forquilla davantera amortidora<br \/>C\u00e0rrega \u00fatil: 120 kg<\/p>\n<p>Funcions f\u00e0cils d&#8217;usar<\/p>\n<p>Bateria: Extra\u00efble<br \/>Accessoris: Portaequipatges del darrere incl\u00f2s, cistella davantera opcional<br \/>Resist\u00e8ncia a l&#8217;aigua: IP54 per a tota la bicicleta<\/p>\n<p>Ajustament del ciclista<\/p>\n<p>Al\u00e7ada: 155 cm &#8211; 195 cm<br \/>Sell\u00f3 i manillar: Ajustables<\/p>\n<div class=\"pi-sp\"><b>Altura:<\/b>&nbsp;155 cm &#8211; 195 cm<\/div>\n<div class=\"pi-sp\"><b>Sill\u00edn y manillar:<\/b>&nbsp;Ajustables<\/div>\n<\/div>\n<\/div>\n","protected":false},"excerpt":{"rendered":"<p>El Fiido C11 Pro \u00e9s una millora del Fiido C11, que ha guanyat el cor de m\u00e9s de 10.000 ciclistes des del seu llan\u00e7ament al mar\u00e7. Alguns ciclistes van expressar el desig d`un sensor de pedal m\u00e9s sensible. Escoltem, i va n\u00e9ixer el Fiido C11 Pro.<\/p>\n","protected":false},"featured_media":10639,"comment_status":"open","ping_status":"closed","template":"","meta":[],"product_cat":[535,562],"product_tag":[],"class_list":{"0":"post-10654","1":"product","2":"type-product","3":"status-publish","4":"has-post-thumbnail","6":"product_cat-bicicletes-electriques","7":"product_cat-fiido-ca","9":"first","10":"instock","11":"shipping-taxable","12":"product-type-simple"},"_links":{"self":[{"href":"https:\/\/manelscooter.com\/ca\/wp-json\/wp\/v2\/product\/10654","targetHints":{"allow":["GET"]}}],"collection":[{"href":"https:\/\/manelscooter.com\/ca\/wp-json\/wp\/v2\/product"}],"about":[{"href":"https:\/\/manelscooter.com\/ca\/wp-json\/wp\/v2\/types\/product"}],"replies":[{"embeddable":true,"href":"https:\/\/manelscooter.com\/ca\/wp-json\/wp\/v2\/comments?post=10654"}],"wp:featuredmedia":[{"embeddable":true,"href":"https:\/\/manelscooter.com\/ca\/wp-json\/wp\/v2\/media\/10639"}],"wp:attachment":[{"href":"https:\/\/manelscooter.com\/ca\/wp-json\/wp\/v2\/media?parent=10654"}],"wp:term":[{"taxonomy":"product_cat","embeddable":true,"href":"https:\/\/manelscooter.com\/ca\/wp-json\/wp\/v2\/product_cat?post=10654"},{"taxonomy":"product_tag","embeddable":true,"href":"https:\/\/manelscooter.com\/ca\/wp-json\/wp\/v2\/product_tag?post=10654"}],"curies":[{"name":"wp","href":"https:\/\/api.w.org\/{rel}","templated":true}]}}